{"id":461,"date":"2021-11-30T11:44:41","date_gmt":"2021-11-30T11:44:41","guid":{"rendered":"https:\/\/plaza-tirana.ms.decms.eu\/?page_id=461"},"modified":"2021-11-30T11:45:31","modified_gmt":"2021-11-30T11:45:31","slug":"konferans-salonlari","status":"publish","type":"page","link":"https:\/\/www.plazatirana.com\/tr\/konferans-salonlari\/","title":{"rendered":"Konferans Salonlari"},"content":{"rendered":"<p>Maritim Hotel Plaza Tirana, konferanslar, g\u00f6r\u00fc\u015fmeler, toplant\u0131lar veya de\u011fi\u015fik kutlamalar icin 760 m2 bir alan\u0131nda 2200 ki\u015fiye kadar s\u0131\u011f\u0131nabilir.<\/p>\n<p><strong>B\u00fct\u00fcn sallonlar en son teknoloji ve wirelessle<\/strong> donat\u0131lm\u0131\u015ft\u0131r. Ziyafetin profesionel ekibi, orijinalli\u011fi ve gelene\u011fi kar\u015f\u0131la\u015ft\u0131r\u0131lamaz kalite ve hizmetlerle vurgulayarak, dekor ve de\u011fi\u015fik eventlerinin organizasyonlar\u0131n\u0131 ger\u00e7ekle\u015ftirmek i\u00e7in \u00f6zel men\u00fcler ay\u0131rt edilir.<\/p>\n<p>K\u00fc\u00e7\u00fck g\u00f6r\u00fc\u015fmelere ba\u015flayarak ve l\u00fcks gecelere biterek, de\u011fi\u015fik ve her t\u00fcrl\u00fc kutlamalar i\u00e7in. <strong>Maritim Hotel Plaza Tirana en \u00f6zel gidilecek yeridir<\/strong>.<\/p>\n","protected":false},"excerpt":{"rendered":"<p>Maritim Hotel Plaza Tirana, konferanslar, g\u00f6r\u00fc\u015fmeler, toplant\u0131lar veya de\u011fi\u015fik kutlamalar icin 760 m2 bir alan\u0131nda 2200 ki\u015fiye kadar s\u0131\u011f\u0131nabilir. B\u00fct\u00fcn sallonlar en son teknoloji ve wirelessle donat\u0131lm\u0131\u015ft\u0131r. Ziyafetin profesionel ekibi, orijinalli\u011fi ve gelene\u011fi kar\u015f\u0131la\u015ft\u0131r\u0131lamaz kalite ve hizmetlerle vurgulayarak, dekor ve de\u011fi\u015fik eventlerinin organizasyonlar\u0131n\u0131 ger\u00e7ekle\u015ftirmek i\u00e7in \u00f6zel men\u00fcler ay\u0131rt edilir. K\u00fc\u00e7\u00fck g\u00f6r\u00fc\u015fmelere ba\u015flayarak ve l\u00fcks gecelere [&hellip;]<\/p>\n","protected":false},"author":7,"featured_media":0,"parent":0,"menu_order":35,"comment_status":"closed","ping_status":"closed","template":"","meta":{"footnotes":""},"class_list":["post-461","page","type-page","status-publish","hentry"],"yoast_head":"<!-- This site is optimized with the Yoast SEO plugin v26.9 - https:\/\/yoast.com\/product\/yoast-seo-wordpress\/ -->\n<title>Konferans Salonlari &#8212; Maritim Hotel Plaza Tirana &#8212;<\/title>\n<meta name=\"description\" content=\"Maritim Hotel Plaza Tirana, konferanslar, g\u00f6r\u00fc\u015fmeler, toplant\u0131lar veya de\u011fi\u015fik kutlamalar icin 760 m2 bir alan\u0131nda 2200 ki\u015fiye kadar s\u0131\u011f\u0131nabilir.  B\u00fct\u00fcn sallonlar en son teknoloji ve wirelessle donat\u0131lm\u0131\u015ft\u0131r. Ziyafetin profesionel ekibi, orijinalli\u011fi ve gelene\u011fi kar\u015f\u0131la\u015ft\u0131r\u0131lamaz kalite ve hizmetlerle vurgulayarak, dekor ve de\u011fi\u015fik eventlerinin organizasyonlar\u0131n\u0131 ger\u00e7ekle\u015ftirmek i\u00e7in \u00f6zel men\u00fcler ay\u0131rt edilir.  K\u00fc\u00e7\u00fck g\u00f6r\u00fc\u015fmelere ba\u015flayarak ve l\u00fcks gecelere biterek, de\u011fi\u015fik ve her t\u00fcrl\u00fc kutlamalar i\u00e7in\" \/>\n<meta name=\"robots\" content=\"index, follow, max-snippet:-1, max-image-preview:large, max-video-preview:-1\" \/>\n<link rel=\"canonical\" href=\"https:\/\/www.plazatirana.com\/tr\/konferans-salonlari\/\" \/>\n<meta property=\"og:locale\" content=\"tr_TR\" \/>\n<meta property=\"og:type\" content=\"article\" \/>\n<meta property=\"og:title\" content=\"Konferans Salonlari &#8212; Maritim Hotel Plaza Tirana &#8212;\" \/>\n<meta property=\"og:description\" content=\"Maritim Hotel Plaza Tirana, konferanslar, g\u00f6r\u00fc\u015fmeler, toplant\u0131lar veya de\u011fi\u015fik kutlamalar icin 760 m2 bir alan\u0131nda 2200 ki\u015fiye kadar s\u0131\u011f\u0131nabilir.  B\u00fct\u00fcn sallonlar en son teknoloji ve wirelessle donat\u0131lm\u0131\u015ft\u0131r. Ziyafetin profesionel ekibi, orijinalli\u011fi ve gelene\u011fi kar\u015f\u0131la\u015ft\u0131r\u0131lamaz kalite ve hizmetlerle vurgulayarak, dekor ve de\u011fi\u015fik eventlerinin organizasyonlar\u0131n\u0131 ger\u00e7ekle\u015ftirmek i\u00e7in \u00f6zel men\u00fcler ay\u0131rt edilir.  K\u00fc\u00e7\u00fck g\u00f6r\u00fc\u015fmelere ba\u015flayarak ve l\u00fcks gecelere biterek, de\u011fi\u015fik ve her t\u00fcrl\u00fc kutlamalar i\u00e7in\" \/>\n<meta property=\"og:url\" content=\"https:\/\/www.plazatirana.com\/tr\/konferans-salonlari\/\" \/>\n<meta property=\"og:site_name\" content=\"Maritim Hotel Plaza Tirana\" \/>\n<meta property=\"article:modified_time\" content=\"2021-11-30T11:45:31+00:00\" \/>\n<meta name=\"twitter:card\" content=\"summary_large_image\" \/>\n<meta name=\"twitter:label1\" content=\"Tahmini okuma s\u00fcresi\" \/>\n\t<meta name=\"twitter:data1\" content=\"1 dakika\" \/>\n<script type=\"application\/ld+json\" class=\"yoast-schema-graph\">{\"@context\":\"https:\/\/schema.org\",\"@graph\":[{\"@type\":\"WebPage\",\"@id\":\"https:\/\/www.plazatirana.com\/tr\/konferans-salonlari\/\",\"url\":\"https:\/\/www.plazatirana.com\/tr\/konferans-salonlari\/\",\"name\":\"Konferans Salonlari &#8212; Maritim Hotel Plaza Tirana &#8212;\",\"isPartOf\":{\"@id\":\"https:\/\/www.plazatirana.com\/tr\/#website\"},\"datePublished\":\"2021-11-30T11:44:41+00:00\",\"dateModified\":\"2021-11-30T11:45:31+00:00\",\"description\":\"Maritim Hotel Plaza Tirana, konferanslar, g\u00f6r\u00fc\u015fmeler, toplant\u0131lar veya de\u011fi\u015fik kutlamalar icin 760 m2 bir alan\u0131nda 2200 ki\u015fiye kadar s\u0131\u011f\u0131nabilir. B\u00fct\u00fcn sallonlar en son teknoloji ve wirelessle donat\u0131lm\u0131\u015ft\u0131r. Ziyafetin profesionel ekibi, orijinalli\u011fi ve gelene\u011fi kar\u015f\u0131la\u015ft\u0131r\u0131lamaz kalite ve hizmetlerle vurgulayarak, dekor ve de\u011fi\u015fik eventlerinin organizasyonlar\u0131n\u0131 ger\u00e7ekle\u015ftirmek i\u00e7in \u00f6zel men\u00fcler ay\u0131rt edilir. K\u00fc\u00e7\u00fck g\u00f6r\u00fc\u015fmelere ba\u015flayarak ve l\u00fcks gecelere biterek, de\u011fi\u015fik ve her t\u00fcrl\u00fc kutlamalar i\u00e7in\",\"breadcrumb\":{\"@id\":\"https:\/\/www.plazatirana.com\/tr\/konferans-salonlari\/#breadcrumb\"},\"inLanguage\":\"tr\",\"potentialAction\":[{\"@type\":\"ReadAction\",\"target\":[\"https:\/\/www.plazatirana.com\/tr\/konferans-salonlari\/\"]}]},{\"@type\":\"BreadcrumbList\",\"@id\":\"https:\/\/www.plazatirana.com\/tr\/konferans-salonlari\/#breadcrumb\",\"itemListElement\":[{\"@type\":\"ListItem\",\"position\":1,\"name\":\"Home\",\"item\":\"https:\/\/www.plazatirana.com\/tr\/\"},{\"@type\":\"ListItem\",\"position\":2,\"name\":\"Konferans Salonlari\"}]},{\"@type\":\"WebSite\",\"@id\":\"https:\/\/www.plazatirana.com\/tr\/#website\",\"url\":\"https:\/\/www.plazatirana.com\/tr\/\",\"name\":\"Maritim Hotel Plaza Tirana\",\"description\":\"Just another ms.decms.eu site\",\"publisher\":{\"@id\":\"https:\/\/www.plazatirana.com\/tr\/#organization\"},\"potentialAction\":[{\"@type\":\"SearchAction\",\"target\":{\"@type\":\"EntryPoint\",\"urlTemplate\":\"https:\/\/www.plazatirana.com\/tr\/?s={search_term_string}\"},\"query-input\":{\"@type\":\"PropertyValueSpecification\",\"valueRequired\":true,\"valueName\":\"search_term_string\"}}],\"inLanguage\":\"tr\"},{\"@type\":\"Organization\",\"@id\":\"https:\/\/www.plazatirana.com\/tr\/#organization\",\"name\":\"Maritim Hotel Plaza Tirana\",\"url\":\"https:\/\/www.plazatirana.com\/tr\/\",\"logo\":{\"@type\":\"ImageObject\",\"inLanguage\":\"tr\",\"@id\":\"https:\/\/www.plazatirana.com\/tr\/#\/schema\/logo\/image\/\",\"url\":\"https:\/\/www.plazatirana.com\/wp-content\/uploads\/sites\/378\/2021\/11\/Maritim-Hotel-Plaza-Tirana-Logo.png\",\"contentUrl\":\"https:\/\/www.plazatirana.com\/wp-content\/uploads\/sites\/378\/2021\/11\/Maritim-Hotel-Plaza-Tirana-Logo.png\",\"width\":300,\"height\":224,\"caption\":\"Maritim Hotel Plaza Tirana\"},\"image\":{\"@id\":\"https:\/\/www.plazatirana.com\/tr\/#\/schema\/logo\/image\/\"}}]}<\/script>\n<!-- \/ Yoast SEO plugin. -->","yoast_head_json":{"title":"Konferans Salonlari &#8212; Maritim Hotel Plaza Tirana &#8212;","description":"Maritim Hotel Plaza Tirana, konferanslar, g\u00f6r\u00fc\u015fmeler, toplant\u0131lar veya de\u011fi\u015fik kutlamalar icin 760 m2 bir alan\u0131nda 2200 ki\u015fiye kadar s\u0131\u011f\u0131nabilir.  B\u00fct\u00fcn sallonlar en son teknoloji ve wirelessle donat\u0131lm\u0131\u015ft\u0131r. Ziyafetin profesionel ekibi, orijinalli\u011fi ve gelene\u011fi kar\u015f\u0131la\u015ft\u0131r\u0131lamaz kalite ve hizmetlerle vurgulayarak, dekor ve de\u011fi\u015fik eventlerinin organizasyonlar\u0131n\u0131 ger\u00e7ekle\u015ftirmek i\u00e7in \u00f6zel men\u00fcler ay\u0131rt edilir.  K\u00fc\u00e7\u00fck g\u00f6r\u00fc\u015fmelere ba\u015flayarak ve l\u00fcks gecelere biterek, de\u011fi\u015fik ve her t\u00fcrl\u00fc kutlamalar i\u00e7in","robots":{"index":"index","follow":"follow","max-snippet":"max-snippet:-1","max-image-preview":"max-image-preview:large","max-video-preview":"max-video-preview:-1"},"canonical":"https:\/\/www.plazatirana.com\/tr\/konferans-salonlari\/","og_locale":"tr_TR","og_type":"article","og_title":"Konferans Salonlari &#8212; Maritim Hotel Plaza Tirana &#8212;","og_description":"Maritim Hotel Plaza Tirana, konferanslar, g\u00f6r\u00fc\u015fmeler, toplant\u0131lar veya de\u011fi\u015fik kutlamalar icin 760 m2 bir alan\u0131nda 2200 ki\u015fiye kadar s\u0131\u011f\u0131nabilir.  B\u00fct\u00fcn sallonlar en son teknoloji ve wirelessle donat\u0131lm\u0131\u015ft\u0131r. Ziyafetin profesionel ekibi, orijinalli\u011fi ve gelene\u011fi kar\u015f\u0131la\u015ft\u0131r\u0131lamaz kalite ve hizmetlerle vurgulayarak, dekor ve de\u011fi\u015fik eventlerinin organizasyonlar\u0131n\u0131 ger\u00e7ekle\u015ftirmek i\u00e7in \u00f6zel men\u00fcler ay\u0131rt edilir.  K\u00fc\u00e7\u00fck g\u00f6r\u00fc\u015fmelere ba\u015flayarak ve l\u00fcks gecelere biterek, de\u011fi\u015fik ve her t\u00fcrl\u00fc kutlamalar i\u00e7in","og_url":"https:\/\/www.plazatirana.com\/tr\/konferans-salonlari\/","og_site_name":"Maritim Hotel Plaza Tirana","article_modified_time":"2021-11-30T11:45:31+00:00","twitter_card":"summary_large_image","twitter_misc":{"Tahmini okuma s\u00fcresi":"1 dakika"},"schema":{"@context":"https:\/\/schema.org","@graph":[{"@type":"WebPage","@id":"https:\/\/www.plazatirana.com\/tr\/konferans-salonlari\/","url":"https:\/\/www.plazatirana.com\/tr\/konferans-salonlari\/","name":"Konferans Salonlari &#8212; Maritim Hotel Plaza Tirana &#8212;","isPartOf":{"@id":"https:\/\/www.plazatirana.com\/tr\/#website"},"datePublished":"2021-11-30T11:44:41+00:00","dateModified":"2021-11-30T11:45:31+00:00","description":"Maritim Hotel Plaza Tirana, konferanslar, g\u00f6r\u00fc\u015fmeler, toplant\u0131lar veya de\u011fi\u015fik kutlamalar icin 760 m2 bir alan\u0131nda 2200 ki\u015fiye kadar s\u0131\u011f\u0131nabilir. B\u00fct\u00fcn sallonlar en son teknoloji ve wirelessle donat\u0131lm\u0131\u015ft\u0131r. Ziyafetin profesionel ekibi, orijinalli\u011fi ve gelene\u011fi kar\u015f\u0131la\u015ft\u0131r\u0131lamaz kalite ve hizmetlerle vurgulayarak, dekor ve de\u011fi\u015fik eventlerinin organizasyonlar\u0131n\u0131 ger\u00e7ekle\u015ftirmek i\u00e7in \u00f6zel men\u00fcler ay\u0131rt edilir. K\u00fc\u00e7\u00fck g\u00f6r\u00fc\u015fmelere ba\u015flayarak ve l\u00fcks gecelere biterek, de\u011fi\u015fik ve her t\u00fcrl\u00fc kutlamalar i\u00e7in","breadcrumb":{"@id":"https:\/\/www.plazatirana.com\/tr\/konferans-salonlari\/#breadcrumb"},"inLanguage":"tr","potentialAction":[{"@type":"ReadAction","target":["https:\/\/www.plazatirana.com\/tr\/konferans-salonlari\/"]}]},{"@type":"BreadcrumbList","@id":"https:\/\/www.plazatirana.com\/tr\/konferans-salonlari\/#breadcrumb","itemListElement":[{"@type":"ListItem","position":1,"name":"Home","item":"https:\/\/www.plazatirana.com\/tr\/"},{"@type":"ListItem","position":2,"name":"Konferans Salonlari"}]},{"@type":"WebSite","@id":"https:\/\/www.plazatirana.com\/tr\/#website","url":"https:\/\/www.plazatirana.com\/tr\/","name":"Maritim Hotel Plaza Tirana","description":"Just another ms.decms.eu site","publisher":{"@id":"https:\/\/www.plazatirana.com\/tr\/#organization"},"potentialAction":[{"@type":"SearchAction","target":{"@type":"EntryPoint","urlTemplate":"https:\/\/www.plazatirana.com\/tr\/?s={search_term_string}"},"query-input":{"@type":"PropertyValueSpecification","valueRequired":true,"valueName":"search_term_string"}}],"inLanguage":"tr"},{"@type":"Organization","@id":"https:\/\/www.plazatirana.com\/tr\/#organization","name":"Maritim Hotel Plaza Tirana","url":"https:\/\/www.plazatirana.com\/tr\/","logo":{"@type":"ImageObject","inLanguage":"tr","@id":"https:\/\/www.plazatirana.com\/tr\/#\/schema\/logo\/image\/","url":"https:\/\/www.plazatirana.com\/wp-content\/uploads\/sites\/378\/2021\/11\/Maritim-Hotel-Plaza-Tirana-Logo.png","contentUrl":"https:\/\/www.plazatirana.com\/wp-content\/uploads\/sites\/378\/2021\/11\/Maritim-Hotel-Plaza-Tirana-Logo.png","width":300,"height":224,"caption":"Maritim Hotel Plaza Tirana"},"image":{"@id":"https:\/\/www.plazatirana.com\/tr\/#\/schema\/logo\/image\/"}}]}},"acf":[],"_links":{"self":[{"href":"https:\/\/www.plazatirana.com\/tr\/wp-json\/wp\/v2\/pages\/461","targetHints":{"allow":["GET"]}}],"collection":[{"href":"https:\/\/www.plazatirana.com\/tr\/wp-json\/wp\/v2\/pages"}],"about":[{"href":"https:\/\/www.plazatirana.com\/tr\/wp-json\/wp\/v2\/types\/page"}],"author":[{"embeddable":true,"href":"https:\/\/www.plazatirana.com\/tr\/wp-json\/wp\/v2\/users\/7"}],"replies":[{"embeddable":true,"href":"https:\/\/www.plazatirana.com\/tr\/wp-json\/wp\/v2\/comments?post=461"}],"version-history":[{"count":0,"href":"https:\/\/www.plazatirana.com\/tr\/wp-json\/wp\/v2\/pages\/461\/revisions"}],"wp:attachment":[{"href":"https:\/\/www.plazatirana.com\/tr\/wp-json\/wp\/v2\/media?parent=461"}],"curies":[{"name":"wp","href":"https:\/\/api.w.org\/{rel}","templated":true}]}}