{"id":369,"date":"2021-11-26T14:32:13","date_gmt":"2021-11-26T14:32:13","guid":{"rendered":"https:\/\/plaza-tirana.ms.decms.eu\/odalar-ve-suitler\/business-suite\/"},"modified":"2021-11-26T15:49:27","modified_gmt":"2021-11-26T15:49:27","slug":"business-suite","status":"publish","type":"page","link":"https:\/\/www.plazatirana.com\/tr\/odalar-ve-suitler\/business-suite\/","title":{"rendered":"Business-Suite"},"content":{"rendered":"<p>I\u015f s\u00fcitler, b\u00fct\u00fcn m\u00fcsafir i\u015f adamlar\u0131 i\u00e7in \u015f\u0131k bir ortam\u0131 teklif eder ve m\u00fcteahhitlere ne ihtiyac\u0131 varsa \u00f6ylece donat\u0131lm\u0131\u015f olarak geliyor. Yorgun bir i\u015f g\u00fcn\u00fcnden sonras\u0131 huzuru kavu\u015fmak i\u00e7in m\u00fcteahhitlere uygun bir bi\u00e7iminde tasarlanm\u0131\u015ft\u0131r. Bu s\u00fcitler bir ofis, bir oturma odas\u0131 ve bir \u00f6zel bara sahiptir. <\/p>\n","protected":false},"excerpt":{"rendered":"<p>I\u015f s\u00fcitler, b\u00fct\u00fcn m\u00fcsafir i\u015f adamlar\u0131 i\u00e7in \u015f\u0131k bir ortam\u0131 teklif eder ve m\u00fcteahhitlere ne ihtiyac\u0131 varsa \u00f6ylece donat\u0131lm\u0131\u015f olarak geliyor. Yorgun bir i\u015f g\u00fcn\u00fcnden sonras\u0131 huzuru kavu\u015fmak i\u00e7in m\u00fcteahhitlere uygun bir bi\u00e7iminde tasarlanm\u0131\u015ft\u0131r. Bu s\u00fcitler bir ofis, bir oturma odas\u0131 ve bir \u00f6zel bara sahiptir.<\/p>\n","protected":false},"author":7,"featured_media":0,"parent":102,"menu_order":6,"comment_status":"closed","ping_status":"closed","template":"template-single-room.php","meta":{"footnotes":""},"class_list":["post-369","page","type-page","status-publish","hentry"],"yoast_head":"<!-- This site is optimized with the Yoast SEO plugin v26.9 - https:\/\/yoast.com\/product\/yoast-seo-wordpress\/ -->\n<title>Business-Suite &#8212; Maritim Hotel Plaza Tirana &#8212;<\/title>\n<meta name=\"description\" content=\"I\u015f s\u00fcitler, b\u00fct\u00fcn m\u00fcsafir i\u015f adamlar\u0131 i\u00e7in \u015f\u0131k bir ortam\u0131 teklif eder ve m\u00fcteahhitlere ne ihtiyac\u0131 varsa \u00f6ylece donat\u0131lm\u0131\u015f olarak geliyor. Yorgun bir i\u015f g\u00fcn\u00fcnden sonras\u0131 huzuru kavu\u015fmak i\u00e7in m\u00fcteahhitlere uygun bir bi\u00e7iminde tasarlanm\u0131\u015ft\u0131r\" \/>\n<meta name=\"robots\" content=\"index, follow, max-snippet:-1, max-image-preview:large, max-video-preview:-1\" \/>\n<link rel=\"canonical\" href=\"https:\/\/www.plazatirana.com\/tr\/odalar-ve-suitler\/business-suite\/\" \/>\n<meta property=\"og:locale\" content=\"tr_TR\" \/>\n<meta property=\"og:type\" content=\"article\" \/>\n<meta property=\"og:title\" content=\"Business-Suite &#8212; Maritim Hotel Plaza Tirana &#8212;\" \/>\n<meta property=\"og:description\" content=\"I\u015f s\u00fcitler, b\u00fct\u00fcn m\u00fcsafir i\u015f adamlar\u0131 i\u00e7in \u015f\u0131k bir ortam\u0131 teklif eder ve m\u00fcteahhitlere ne ihtiyac\u0131 varsa \u00f6ylece donat\u0131lm\u0131\u015f olarak geliyor. Yorgun bir i\u015f g\u00fcn\u00fcnden sonras\u0131 huzuru kavu\u015fmak i\u00e7in m\u00fcteahhitlere uygun bir bi\u00e7iminde tasarlanm\u0131\u015ft\u0131r\" \/>\n<meta property=\"og:url\" content=\"https:\/\/www.plazatirana.com\/tr\/odalar-ve-suitler\/business-suite\/\" \/>\n<meta property=\"og:site_name\" content=\"Maritim Hotel Plaza Tirana\" \/>\n<meta property=\"article:modified_time\" content=\"2021-11-26T15:49:27+00:00\" \/>\n<meta name=\"twitter:card\" content=\"summary_large_image\" \/>\n<script type=\"application\/ld+json\" class=\"yoast-schema-graph\">{\"@context\":\"https:\/\/schema.org\",\"@graph\":[{\"@type\":\"WebPage\",\"@id\":\"https:\/\/www.plazatirana.com\/tr\/odalar-ve-suitler\/business-suite\/\",\"url\":\"https:\/\/www.plazatirana.com\/tr\/odalar-ve-suitler\/business-suite\/\",\"name\":\"Business-Suite &#8212; Maritim Hotel Plaza Tirana &#8212;\",\"isPartOf\":{\"@id\":\"https:\/\/www.plazatirana.com\/tr\/#website\"},\"datePublished\":\"2021-11-26T14:32:13+00:00\",\"dateModified\":\"2021-11-26T15:49:27+00:00\",\"description\":\"I\u015f s\u00fcitler, b\u00fct\u00fcn m\u00fcsafir i\u015f adamlar\u0131 i\u00e7in \u015f\u0131k bir ortam\u0131 teklif eder ve m\u00fcteahhitlere ne ihtiyac\u0131 varsa \u00f6ylece donat\u0131lm\u0131\u015f olarak geliyor. Yorgun bir i\u015f g\u00fcn\u00fcnden sonras\u0131 huzuru kavu\u015fmak i\u00e7in m\u00fcteahhitlere uygun bir bi\u00e7iminde tasarlanm\u0131\u015ft\u0131r\",\"breadcrumb\":{\"@id\":\"https:\/\/www.plazatirana.com\/tr\/odalar-ve-suitler\/business-suite\/#breadcrumb\"},\"inLanguage\":\"tr\",\"potentialAction\":[{\"@type\":\"ReadAction\",\"target\":[\"https:\/\/www.plazatirana.com\/tr\/odalar-ve-suitler\/business-suite\/\"]}]},{\"@type\":\"BreadcrumbList\",\"@id\":\"https:\/\/www.plazatirana.com\/tr\/odalar-ve-suitler\/business-suite\/#breadcrumb\",\"itemListElement\":[{\"@type\":\"ListItem\",\"position\":1,\"name\":\"Home\",\"item\":\"https:\/\/www.plazatirana.com\/tr\/\"},{\"@type\":\"ListItem\",\"position\":2,\"name\":\"Odalar ve s\u00fcitler\",\"item\":\"https:\/\/www.plazatirana.com\/tr\/odalar-ve-suitler\/\"},{\"@type\":\"ListItem\",\"position\":3,\"name\":\"Business-Suite\"}]},{\"@type\":\"WebSite\",\"@id\":\"https:\/\/www.plazatirana.com\/tr\/#website\",\"url\":\"https:\/\/www.plazatirana.com\/tr\/\",\"name\":\"Maritim Hotel Plaza Tirana\",\"description\":\"Just another ms.decms.eu site\",\"publisher\":{\"@id\":\"https:\/\/www.plazatirana.com\/tr\/#organization\"},\"potentialAction\":[{\"@type\":\"SearchAction\",\"target\":{\"@type\":\"EntryPoint\",\"urlTemplate\":\"https:\/\/www.plazatirana.com\/tr\/?s={search_term_string}\"},\"query-input\":{\"@type\":\"PropertyValueSpecification\",\"valueRequired\":true,\"valueName\":\"search_term_string\"}}],\"inLanguage\":\"tr\"},{\"@type\":\"Organization\",\"@id\":\"https:\/\/www.plazatirana.com\/tr\/#organization\",\"name\":\"Maritim Hotel Plaza Tirana\",\"url\":\"https:\/\/www.plazatirana.com\/tr\/\",\"logo\":{\"@type\":\"ImageObject\",\"inLanguage\":\"tr\",\"@id\":\"https:\/\/www.plazatirana.com\/tr\/#\/schema\/logo\/image\/\",\"url\":\"https:\/\/www.plazatirana.com\/wp-content\/uploads\/sites\/378\/2021\/11\/Maritim-Hotel-Plaza-Tirana-Logo.png\",\"contentUrl\":\"https:\/\/www.plazatirana.com\/wp-content\/uploads\/sites\/378\/2021\/11\/Maritim-Hotel-Plaza-Tirana-Logo.png\",\"width\":300,\"height\":224,\"caption\":\"Maritim Hotel Plaza Tirana\"},\"image\":{\"@id\":\"https:\/\/www.plazatirana.com\/tr\/#\/schema\/logo\/image\/\"}}]}<\/script>\n<!-- \/ Yoast SEO plugin. -->","yoast_head_json":{"title":"Business-Suite &#8212; Maritim Hotel Plaza Tirana &#8212;","description":"I\u015f s\u00fcitler, b\u00fct\u00fcn m\u00fcsafir i\u015f adamlar\u0131 i\u00e7in \u015f\u0131k bir ortam\u0131 teklif eder ve m\u00fcteahhitlere ne ihtiyac\u0131 varsa \u00f6ylece donat\u0131lm\u0131\u015f olarak geliyor. Yorgun bir i\u015f g\u00fcn\u00fcnden sonras\u0131 huzuru kavu\u015fmak i\u00e7in m\u00fcteahhitlere uygun bir bi\u00e7iminde tasarlanm\u0131\u015ft\u0131r","robots":{"index":"index","follow":"follow","max-snippet":"max-snippet:-1","max-image-preview":"max-image-preview:large","max-video-preview":"max-video-preview:-1"},"canonical":"https:\/\/www.plazatirana.com\/tr\/odalar-ve-suitler\/business-suite\/","og_locale":"tr_TR","og_type":"article","og_title":"Business-Suite &#8212; Maritim Hotel Plaza Tirana &#8212;","og_description":"I\u015f s\u00fcitler, b\u00fct\u00fcn m\u00fcsafir i\u015f adamlar\u0131 i\u00e7in \u015f\u0131k bir ortam\u0131 teklif eder ve m\u00fcteahhitlere ne ihtiyac\u0131 varsa \u00f6ylece donat\u0131lm\u0131\u015f olarak geliyor. Yorgun bir i\u015f g\u00fcn\u00fcnden sonras\u0131 huzuru kavu\u015fmak i\u00e7in m\u00fcteahhitlere uygun bir bi\u00e7iminde tasarlanm\u0131\u015ft\u0131r","og_url":"https:\/\/www.plazatirana.com\/tr\/odalar-ve-suitler\/business-suite\/","og_site_name":"Maritim Hotel Plaza Tirana","article_modified_time":"2021-11-26T15:49:27+00:00","twitter_card":"summary_large_image","schema":{"@context":"https:\/\/schema.org","@graph":[{"@type":"WebPage","@id":"https:\/\/www.plazatirana.com\/tr\/odalar-ve-suitler\/business-suite\/","url":"https:\/\/www.plazatirana.com\/tr\/odalar-ve-suitler\/business-suite\/","name":"Business-Suite &#8212; Maritim Hotel Plaza Tirana &#8212;","isPartOf":{"@id":"https:\/\/www.plazatirana.com\/tr\/#website"},"datePublished":"2021-11-26T14:32:13+00:00","dateModified":"2021-11-26T15:49:27+00:00","description":"I\u015f s\u00fcitler, b\u00fct\u00fcn m\u00fcsafir i\u015f adamlar\u0131 i\u00e7in \u015f\u0131k bir ortam\u0131 teklif eder ve m\u00fcteahhitlere ne ihtiyac\u0131 varsa \u00f6ylece donat\u0131lm\u0131\u015f olarak geliyor. Yorgun bir i\u015f g\u00fcn\u00fcnden sonras\u0131 huzuru kavu\u015fmak i\u00e7in m\u00fcteahhitlere uygun bir bi\u00e7iminde tasarlanm\u0131\u015ft\u0131r","breadcrumb":{"@id":"https:\/\/www.plazatirana.com\/tr\/odalar-ve-suitler\/business-suite\/#breadcrumb"},"inLanguage":"tr","potentialAction":[{"@type":"ReadAction","target":["https:\/\/www.plazatirana.com\/tr\/odalar-ve-suitler\/business-suite\/"]}]},{"@type":"BreadcrumbList","@id":"https:\/\/www.plazatirana.com\/tr\/odalar-ve-suitler\/business-suite\/#breadcrumb","itemListElement":[{"@type":"ListItem","position":1,"name":"Home","item":"https:\/\/www.plazatirana.com\/tr\/"},{"@type":"ListItem","position":2,"name":"Odalar ve s\u00fcitler","item":"https:\/\/www.plazatirana.com\/tr\/odalar-ve-suitler\/"},{"@type":"ListItem","position":3,"name":"Business-Suite"}]},{"@type":"WebSite","@id":"https:\/\/www.plazatirana.com\/tr\/#website","url":"https:\/\/www.plazatirana.com\/tr\/","name":"Maritim Hotel Plaza Tirana","description":"Just another ms.decms.eu site","publisher":{"@id":"https:\/\/www.plazatirana.com\/tr\/#organization"},"potentialAction":[{"@type":"SearchAction","target":{"@type":"EntryPoint","urlTemplate":"https:\/\/www.plazatirana.com\/tr\/?s={search_term_string}"},"query-input":{"@type":"PropertyValueSpecification","valueRequired":true,"valueName":"search_term_string"}}],"inLanguage":"tr"},{"@type":"Organization","@id":"https:\/\/www.plazatirana.com\/tr\/#organization","name":"Maritim Hotel Plaza Tirana","url":"https:\/\/www.plazatirana.com\/tr\/","logo":{"@type":"ImageObject","inLanguage":"tr","@id":"https:\/\/www.plazatirana.com\/tr\/#\/schema\/logo\/image\/","url":"https:\/\/www.plazatirana.com\/wp-content\/uploads\/sites\/378\/2021\/11\/Maritim-Hotel-Plaza-Tirana-Logo.png","contentUrl":"https:\/\/www.plazatirana.com\/wp-content\/uploads\/sites\/378\/2021\/11\/Maritim-Hotel-Plaza-Tirana-Logo.png","width":300,"height":224,"caption":"Maritim Hotel Plaza Tirana"},"image":{"@id":"https:\/\/www.plazatirana.com\/tr\/#\/schema\/logo\/image\/"}}]}},"acf":[],"_links":{"self":[{"href":"https:\/\/www.plazatirana.com\/tr\/wp-json\/wp\/v2\/pages\/369","targetHints":{"allow":["GET"]}}],"collection":[{"href":"https:\/\/www.plazatirana.com\/tr\/wp-json\/wp\/v2\/pages"}],"about":[{"href":"https:\/\/www.plazatirana.com\/tr\/wp-json\/wp\/v2\/types\/page"}],"author":[{"embeddable":true,"href":"https:\/\/www.plazatirana.com\/tr\/wp-json\/wp\/v2\/users\/7"}],"replies":[{"embeddable":true,"href":"https:\/\/www.plazatirana.com\/tr\/wp-json\/wp\/v2\/comments?post=369"}],"version-history":[{"count":0,"href":"https:\/\/www.plazatirana.com\/tr\/wp-json\/wp\/v2\/pages\/369\/revisions"}],"up":[{"embeddable":true,"href":"https:\/\/www.plazatirana.com\/tr\/wp-json\/wp\/v2\/pages\/102"}],"wp:attachment":[{"href":"https:\/\/www.plazatirana.com\/tr\/wp-json\/wp\/v2\/media?parent=369"}],"curies":[{"name":"wp","href":"https:\/\/api.w.org\/{rel}","templated":true}]}}