{"id":162,"date":"2021-11-25T13:46:22","date_gmt":"2021-11-25T13:46:22","guid":{"rendered":"https:\/\/plaza-tirana.ms.decms.eu\/odalar-ve-suitler\/deluxe-room\/"},"modified":"2021-11-25T18:11:12","modified_gmt":"2021-11-25T18:11:12","slug":"deluxe-odalar","status":"publish","type":"page","link":"https:\/\/www.plazatirana.com\/tr\/odalar-ve-suitler\/deluxe-odalar\/","title":{"rendered":"Del\u00fcxe odalar"},"content":{"rendered":"<p>Ho\u015fnutluk yada bir i\u015f g\u00fcn\u00fcn sonras\u0131 huzur bir ortama geri d\u00f6n\u00fcn. Bizim Del\u00fcxe odalar\u0131m\u0131z \u00e7a\u011fda\u015f stili huzur ile ba\u011fda\u015f\u0131yor, ayn\u0131 zamanda \u015fehrin harika bir manzara sigorta ediyor. Her odan\u0131n queen size yataklar\u0131 ve oturum ortamlar\u0131 kapsayarak size arad\u0131\u011f\u0131n\u0131z sakinli\u011fi verir.<\/p>\n","protected":false},"excerpt":{"rendered":"<p>Ho\u015fnutluk yada bir i\u015f g\u00fcn\u00fcn sonras\u0131 huzur bir ortama geri d\u00f6n\u00fcn. Bizim Del\u00fcxe odalar\u0131m\u0131z \u00e7a\u011fda\u015f stili huzur ile ba\u011fda\u015f\u0131yor, ayn\u0131 zamanda \u015fehrin harika bir manzara sigorta ediyor. Her odan\u0131n queen size yataklar\u0131 ve oturum ortamlar\u0131 kapsayarak size arad\u0131\u011f\u0131n\u0131z sakinli\u011fi verir.<\/p>\n","protected":false},"author":7,"featured_media":0,"parent":102,"menu_order":3,"comment_status":"closed","ping_status":"closed","template":"template-single-room.php","meta":{"footnotes":""},"class_list":["post-162","page","type-page","status-publish","hentry"],"yoast_head":"<!-- This site is optimized with the Yoast SEO plugin v26.9 - https:\/\/yoast.com\/product\/yoast-seo-wordpress\/ -->\n<title>Del\u00fcxe odalar &#8212; Maritim Hotel Plaza Tirana &#8212;<\/title>\n<meta name=\"description\" content=\"Ho\u015fnutluk yada bir i\u015f g\u00fcn\u00fcn sonras\u0131 huzur bir ortama geri d\u00f6n\u00fcn. Bizim Del\u00fcxe odalar\u0131m\u0131z \u00e7a\u011fda\u015f stili huzur ile ba\u011fda\u015f\u0131yor, ayn\u0131 zamanda \u015fehrin harika bir manzara sigorta ediyor\" \/>\n<meta name=\"robots\" content=\"index, follow, max-snippet:-1, max-image-preview:large, max-video-preview:-1\" \/>\n<link rel=\"canonical\" href=\"https:\/\/www.plazatirana.com\/tr\/odalar-ve-suitler\/deluxe-odalar\/\" \/>\n<meta property=\"og:locale\" content=\"tr_TR\" \/>\n<meta property=\"og:type\" content=\"article\" \/>\n<meta property=\"og:title\" content=\"Del\u00fcxe odalar &#8212; Maritim Hotel Plaza Tirana &#8212;\" \/>\n<meta property=\"og:description\" content=\"Ho\u015fnutluk yada bir i\u015f g\u00fcn\u00fcn sonras\u0131 huzur bir ortama geri d\u00f6n\u00fcn. Bizim Del\u00fcxe odalar\u0131m\u0131z \u00e7a\u011fda\u015f stili huzur ile ba\u011fda\u015f\u0131yor, ayn\u0131 zamanda \u015fehrin harika bir manzara sigorta ediyor\" \/>\n<meta property=\"og:url\" content=\"https:\/\/www.plazatirana.com\/tr\/odalar-ve-suitler\/deluxe-odalar\/\" \/>\n<meta property=\"og:site_name\" content=\"Maritim Hotel Plaza Tirana\" \/>\n<meta property=\"article:modified_time\" content=\"2021-11-25T18:11:12+00:00\" \/>\n<meta name=\"twitter:card\" content=\"summary_large_image\" \/>\n<script type=\"application\/ld+json\" class=\"yoast-schema-graph\">{\"@context\":\"https:\/\/schema.org\",\"@graph\":[{\"@type\":\"WebPage\",\"@id\":\"https:\/\/www.plazatirana.com\/tr\/odalar-ve-suitler\/deluxe-odalar\/\",\"url\":\"https:\/\/www.plazatirana.com\/tr\/odalar-ve-suitler\/deluxe-odalar\/\",\"name\":\"Del\u00fcxe odalar &#8212; Maritim Hotel Plaza Tirana &#8212;\",\"isPartOf\":{\"@id\":\"https:\/\/www.plazatirana.com\/tr\/#website\"},\"datePublished\":\"2021-11-25T13:46:22+00:00\",\"dateModified\":\"2021-11-25T18:11:12+00:00\",\"description\":\"Ho\u015fnutluk yada bir i\u015f g\u00fcn\u00fcn sonras\u0131 huzur bir ortama geri d\u00f6n\u00fcn. Bizim Del\u00fcxe odalar\u0131m\u0131z \u00e7a\u011fda\u015f stili huzur ile ba\u011fda\u015f\u0131yor, ayn\u0131 zamanda \u015fehrin harika bir manzara sigorta ediyor\",\"breadcrumb\":{\"@id\":\"https:\/\/www.plazatirana.com\/tr\/odalar-ve-suitler\/deluxe-odalar\/#breadcrumb\"},\"inLanguage\":\"tr\",\"potentialAction\":[{\"@type\":\"ReadAction\",\"target\":[\"https:\/\/www.plazatirana.com\/tr\/odalar-ve-suitler\/deluxe-odalar\/\"]}]},{\"@type\":\"BreadcrumbList\",\"@id\":\"https:\/\/www.plazatirana.com\/tr\/odalar-ve-suitler\/deluxe-odalar\/#breadcrumb\",\"itemListElement\":[{\"@type\":\"ListItem\",\"position\":1,\"name\":\"Home\",\"item\":\"https:\/\/www.plazatirana.com\/tr\/\"},{\"@type\":\"ListItem\",\"position\":2,\"name\":\"Odalar ve s\u00fcitler\",\"item\":\"https:\/\/www.plazatirana.com\/tr\/odalar-ve-suitler\/\"},{\"@type\":\"ListItem\",\"position\":3,\"name\":\"Del\u00fcxe odalar\"}]},{\"@type\":\"WebSite\",\"@id\":\"https:\/\/www.plazatirana.com\/tr\/#website\",\"url\":\"https:\/\/www.plazatirana.com\/tr\/\",\"name\":\"Maritim Hotel Plaza Tirana\",\"description\":\"Just another ms.decms.eu site\",\"publisher\":{\"@id\":\"https:\/\/www.plazatirana.com\/tr\/#organization\"},\"potentialAction\":[{\"@type\":\"SearchAction\",\"target\":{\"@type\":\"EntryPoint\",\"urlTemplate\":\"https:\/\/www.plazatirana.com\/tr\/?s={search_term_string}\"},\"query-input\":{\"@type\":\"PropertyValueSpecification\",\"valueRequired\":true,\"valueName\":\"search_term_string\"}}],\"inLanguage\":\"tr\"},{\"@type\":\"Organization\",\"@id\":\"https:\/\/www.plazatirana.com\/tr\/#organization\",\"name\":\"Maritim Hotel Plaza Tirana\",\"url\":\"https:\/\/www.plazatirana.com\/tr\/\",\"logo\":{\"@type\":\"ImageObject\",\"inLanguage\":\"tr\",\"@id\":\"https:\/\/www.plazatirana.com\/tr\/#\/schema\/logo\/image\/\",\"url\":\"https:\/\/www.plazatirana.com\/wp-content\/uploads\/sites\/378\/2021\/11\/Maritim-Hotel-Plaza-Tirana-Logo.png\",\"contentUrl\":\"https:\/\/www.plazatirana.com\/wp-content\/uploads\/sites\/378\/2021\/11\/Maritim-Hotel-Plaza-Tirana-Logo.png\",\"width\":300,\"height\":224,\"caption\":\"Maritim Hotel Plaza Tirana\"},\"image\":{\"@id\":\"https:\/\/www.plazatirana.com\/tr\/#\/schema\/logo\/image\/\"}}]}<\/script>\n<!-- \/ Yoast SEO plugin. -->","yoast_head_json":{"title":"Del\u00fcxe odalar &#8212; Maritim Hotel Plaza Tirana &#8212;","description":"Ho\u015fnutluk yada bir i\u015f g\u00fcn\u00fcn sonras\u0131 huzur bir ortama geri d\u00f6n\u00fcn. Bizim Del\u00fcxe odalar\u0131m\u0131z \u00e7a\u011fda\u015f stili huzur ile ba\u011fda\u015f\u0131yor, ayn\u0131 zamanda \u015fehrin harika bir manzara sigorta ediyor","robots":{"index":"index","follow":"follow","max-snippet":"max-snippet:-1","max-image-preview":"max-image-preview:large","max-video-preview":"max-video-preview:-1"},"canonical":"https:\/\/www.plazatirana.com\/tr\/odalar-ve-suitler\/deluxe-odalar\/","og_locale":"tr_TR","og_type":"article","og_title":"Del\u00fcxe odalar &#8212; Maritim Hotel Plaza Tirana &#8212;","og_description":"Ho\u015fnutluk yada bir i\u015f g\u00fcn\u00fcn sonras\u0131 huzur bir ortama geri d\u00f6n\u00fcn. Bizim Del\u00fcxe odalar\u0131m\u0131z \u00e7a\u011fda\u015f stili huzur ile ba\u011fda\u015f\u0131yor, ayn\u0131 zamanda \u015fehrin harika bir manzara sigorta ediyor","og_url":"https:\/\/www.plazatirana.com\/tr\/odalar-ve-suitler\/deluxe-odalar\/","og_site_name":"Maritim Hotel Plaza Tirana","article_modified_time":"2021-11-25T18:11:12+00:00","twitter_card":"summary_large_image","schema":{"@context":"https:\/\/schema.org","@graph":[{"@type":"WebPage","@id":"https:\/\/www.plazatirana.com\/tr\/odalar-ve-suitler\/deluxe-odalar\/","url":"https:\/\/www.plazatirana.com\/tr\/odalar-ve-suitler\/deluxe-odalar\/","name":"Del\u00fcxe odalar &#8212; Maritim Hotel Plaza Tirana &#8212;","isPartOf":{"@id":"https:\/\/www.plazatirana.com\/tr\/#website"},"datePublished":"2021-11-25T13:46:22+00:00","dateModified":"2021-11-25T18:11:12+00:00","description":"Ho\u015fnutluk yada bir i\u015f g\u00fcn\u00fcn sonras\u0131 huzur bir ortama geri d\u00f6n\u00fcn. Bizim Del\u00fcxe odalar\u0131m\u0131z \u00e7a\u011fda\u015f stili huzur ile ba\u011fda\u015f\u0131yor, ayn\u0131 zamanda \u015fehrin harika bir manzara sigorta ediyor","breadcrumb":{"@id":"https:\/\/www.plazatirana.com\/tr\/odalar-ve-suitler\/deluxe-odalar\/#breadcrumb"},"inLanguage":"tr","potentialAction":[{"@type":"ReadAction","target":["https:\/\/www.plazatirana.com\/tr\/odalar-ve-suitler\/deluxe-odalar\/"]}]},{"@type":"BreadcrumbList","@id":"https:\/\/www.plazatirana.com\/tr\/odalar-ve-suitler\/deluxe-odalar\/#breadcrumb","itemListElement":[{"@type":"ListItem","position":1,"name":"Home","item":"https:\/\/www.plazatirana.com\/tr\/"},{"@type":"ListItem","position":2,"name":"Odalar ve s\u00fcitler","item":"https:\/\/www.plazatirana.com\/tr\/odalar-ve-suitler\/"},{"@type":"ListItem","position":3,"name":"Del\u00fcxe odalar"}]},{"@type":"WebSite","@id":"https:\/\/www.plazatirana.com\/tr\/#website","url":"https:\/\/www.plazatirana.com\/tr\/","name":"Maritim Hotel Plaza Tirana","description":"Just another ms.decms.eu site","publisher":{"@id":"https:\/\/www.plazatirana.com\/tr\/#organization"},"potentialAction":[{"@type":"SearchAction","target":{"@type":"EntryPoint","urlTemplate":"https:\/\/www.plazatirana.com\/tr\/?s={search_term_string}"},"query-input":{"@type":"PropertyValueSpecification","valueRequired":true,"valueName":"search_term_string"}}],"inLanguage":"tr"},{"@type":"Organization","@id":"https:\/\/www.plazatirana.com\/tr\/#organization","name":"Maritim Hotel Plaza Tirana","url":"https:\/\/www.plazatirana.com\/tr\/","logo":{"@type":"ImageObject","inLanguage":"tr","@id":"https:\/\/www.plazatirana.com\/tr\/#\/schema\/logo\/image\/","url":"https:\/\/www.plazatirana.com\/wp-content\/uploads\/sites\/378\/2021\/11\/Maritim-Hotel-Plaza-Tirana-Logo.png","contentUrl":"https:\/\/www.plazatirana.com\/wp-content\/uploads\/sites\/378\/2021\/11\/Maritim-Hotel-Plaza-Tirana-Logo.png","width":300,"height":224,"caption":"Maritim Hotel Plaza Tirana"},"image":{"@id":"https:\/\/www.plazatirana.com\/tr\/#\/schema\/logo\/image\/"}}]}},"acf":[],"_links":{"self":[{"href":"https:\/\/www.plazatirana.com\/tr\/wp-json\/wp\/v2\/pages\/162","targetHints":{"allow":["GET"]}}],"collection":[{"href":"https:\/\/www.plazatirana.com\/tr\/wp-json\/wp\/v2\/pages"}],"about":[{"href":"https:\/\/www.plazatirana.com\/tr\/wp-json\/wp\/v2\/types\/page"}],"author":[{"embeddable":true,"href":"https:\/\/www.plazatirana.com\/tr\/wp-json\/wp\/v2\/users\/7"}],"replies":[{"embeddable":true,"href":"https:\/\/www.plazatirana.com\/tr\/wp-json\/wp\/v2\/comments?post=162"}],"version-history":[{"count":0,"href":"https:\/\/www.plazatirana.com\/tr\/wp-json\/wp\/v2\/pages\/162\/revisions"}],"up":[{"embeddable":true,"href":"https:\/\/www.plazatirana.com\/tr\/wp-json\/wp\/v2\/pages\/102"}],"wp:attachment":[{"href":"https:\/\/www.plazatirana.com\/tr\/wp-json\/wp\/v2\/media?parent=162"}],"curies":[{"name":"wp","href":"https:\/\/api.w.org\/{rel}","templated":true}]}}