{"id":407,"date":"2021-11-26T17:27:43","date_gmt":"2021-11-26T17:27:43","guid":{"rendered":"https:\/\/plaza-tirana.ms.decms.eu\/dhoma-dhe-suita\/presidential-suite\/"},"modified":"2021-11-26T20:19:24","modified_gmt":"2021-11-26T20:19:24","slug":"presidential-suite","status":"publish","type":"page","link":"https:\/\/www.plazatirana.com\/sq\/dhoma-dhe-suita\/presidential-suite\/","title":{"rendered":"Suita Presidenciale"},"content":{"rendered":"<p>Nga vendndodhja e saj n\u00eb katin e 22-t\u00eb, Suita Presidenciale ju ofron nj\u00eb nga p\u00ebrvojat m\u00eb t\u00eb shk\u00eblqyera t\u00eb Hotelit. Suita zot\u00ebron nj\u00eb imazh t\u00eb shk\u00eblqyer, hap\u00ebsir\u00eb t\u00eb gjer\u00eb dhe \u00e7do komoditet tjet\u00ebr q\u00eb mund t\u00eb \u00ebnd\u00ebrroni. Dhoma e gjumit zot\u00ebron nj\u00eb krevat queen size, sixhade Indiane prej bambuje, dhe nj\u00eb hap\u00ebsir\u00eb te ve\u00e7ant\u00eb garderobe.<\/p>\n<p>Dy banjo mahnit\u00ebse me nj\u00eb vask\u00eb over-size, dhom\u00eb me avull dhe dush emocional q\u00eb t\u00eb japin ndjesin\u00eb e nj\u00eb relaksi t\u00eb v\u00ebrtet\u00eb. Suita presidenciale siguron akomodimin e p\u00ebrkryer p\u00ebr t\u00eb b\u00ebr\u00eb biznes, ose p\u00ebr t\u00eb arg\u00ebtuar t\u00eb ftuarit me dhom\u00ebn e saj t\u00eb televizorit apo zyra t\u00eb pajisura plot\u00ebsisht.<\/p>\n<p>Duke ofruar nj\u00eb ndjenj\u00eb t\u00eb v\u00ebrtet\u00eb luksi dhe hapsire, ambient t\u00eb bollsh\u00ebm ndenjeje dhe ngr\u00ebnjeje q\u00eb do t\u2019ju t\u00eb b\u00ebj\u00eb t\u00eb ndjeheni si t\u00eb jeni n\u00eb nj\u00eb banes\u00eb private n\u00eb kryeqytetin e Shqip\u00ebris\u00eb. Telefononi stafin ton\u00eb p\u00ebr sh\u00ebrbim butler sipas marr\u00ebveshjes p\u00ebr t\u2019ju ndihmuar t\u2019a b\u00ebni eksperienc\u00ebn tuaj in-suite edhe m\u00eb t\u00eb jasht\u00ebzakonshme. Nj\u00eb q\u00ebndrim n\u00eb Suit\u00ebn Presidenciale do t\u00eb ndryshoj\u00eb konceptin tuaj rreth luksit.<\/p>\n","protected":false},"excerpt":{"rendered":"<p>Nga vendndodhja e saj n\u00eb katin e 22-t\u00eb, Suita Presidenciale ju ofron nj\u00eb nga p\u00ebrvojat m\u00eb t\u00eb shk\u00eblqyera t\u00eb Hotelit. Suita zot\u00ebron nj\u00eb imazh t\u00eb shk\u00eblqyer, hap\u00ebsir\u00eb t\u00eb gjer\u00eb dhe \u00e7do komoditet tjet\u00ebr q\u00eb mund t\u00eb \u00ebnd\u00ebrroni. Dhoma e gjumit zot\u00ebron nj\u00eb krevat queen size, sixhade Indiane prej bambuje, dhe nj\u00eb hap\u00ebsir\u00eb te ve\u00e7ant\u00eb garderobe. [&hellip;]<\/p>\n","protected":false},"author":7,"featured_media":0,"parent":93,"menu_order":7,"comment_status":"closed","ping_status":"closed","template":"template-single-room.php","meta":{"footnotes":""},"class_list":["post-407","page","type-page","status-publish","hentry"],"yoast_head":"<!-- This site is optimized with the Yoast SEO plugin v26.9 - https:\/\/yoast.com\/product\/yoast-seo-wordpress\/ -->\n<title>Suita Presidenciale &#8212; Maritim Hotel Plaza Tirana &#8212;<\/title>\n<meta name=\"description\" content=\"Nga vendndodhja e saj n\u00eb katin e 22-t\u00eb, Suita Presidenciale ju ofron nj\u00eb nga p\u00ebrvojat m\u00eb t\u00eb shk\u00eblqyera t\u00eb Hotelit. Suita zot\u00ebron nj\u00eb imazh t\u00eb shk\u00eblqyer, hap\u00ebsir\u00eb t\u00eb gjer\u00eb dhe \u00e7do komoditet tjet\u00ebr q\u00eb mund t\u00eb \u00ebnd\u00ebrroni\" \/>\n<meta name=\"robots\" content=\"index, follow, max-snippet:-1, max-image-preview:large, max-video-preview:-1\" \/>\n<link rel=\"canonical\" href=\"https:\/\/www.plazatirana.com\/sq\/dhoma-dhe-suita\/presidential-suite\/\" \/>\n<meta property=\"og:locale\" content=\"sq_AL\" \/>\n<meta property=\"og:type\" content=\"article\" \/>\n<meta property=\"og:title\" content=\"Suita Presidenciale &#8212; Maritim Hotel Plaza Tirana &#8212;\" \/>\n<meta property=\"og:description\" content=\"Nga vendndodhja e saj n\u00eb katin e 22-t\u00eb, Suita Presidenciale ju ofron nj\u00eb nga p\u00ebrvojat m\u00eb t\u00eb shk\u00eblqyera t\u00eb Hotelit. Suita zot\u00ebron nj\u00eb imazh t\u00eb shk\u00eblqyer, hap\u00ebsir\u00eb t\u00eb gjer\u00eb dhe \u00e7do komoditet tjet\u00ebr q\u00eb mund t\u00eb \u00ebnd\u00ebrroni\" \/>\n<meta property=\"og:url\" content=\"https:\/\/www.plazatirana.com\/sq\/dhoma-dhe-suita\/presidential-suite\/\" \/>\n<meta property=\"og:site_name\" content=\"Maritim Hotel Plaza Tirana\" \/>\n<meta property=\"article:modified_time\" content=\"2021-11-26T20:19:24+00:00\" \/>\n<meta name=\"twitter:card\" content=\"summary_large_image\" \/>\n<meta name=\"twitter:label1\" content=\"Est. reading time\" \/>\n\t<meta name=\"twitter:data1\" content=\"1 minute\" \/>\n<script type=\"application\/ld+json\" class=\"yoast-schema-graph\">{\"@context\":\"https:\/\/schema.org\",\"@graph\":[{\"@type\":\"WebPage\",\"@id\":\"https:\/\/www.plazatirana.com\/sq\/dhoma-dhe-suita\/presidential-suite\/\",\"url\":\"https:\/\/www.plazatirana.com\/sq\/dhoma-dhe-suita\/presidential-suite\/\",\"name\":\"Suita Presidenciale &#8212; Maritim Hotel Plaza Tirana &#8212;\",\"isPartOf\":{\"@id\":\"https:\/\/www.plazatirana.com\/sq\/#website\"},\"datePublished\":\"2021-11-26T17:27:43+00:00\",\"dateModified\":\"2021-11-26T20:19:24+00:00\",\"description\":\"Nga vendndodhja e saj n\u00eb katin e 22-t\u00eb, Suita Presidenciale ju ofron nj\u00eb nga p\u00ebrvojat m\u00eb t\u00eb shk\u00eblqyera t\u00eb Hotelit. Suita zot\u00ebron nj\u00eb imazh t\u00eb shk\u00eblqyer, hap\u00ebsir\u00eb t\u00eb gjer\u00eb dhe \u00e7do komoditet tjet\u00ebr q\u00eb mund t\u00eb \u00ebnd\u00ebrroni\",\"breadcrumb\":{\"@id\":\"https:\/\/www.plazatirana.com\/sq\/dhoma-dhe-suita\/presidential-suite\/#breadcrumb\"},\"inLanguage\":\"sq-AL\",\"potentialAction\":[{\"@type\":\"ReadAction\",\"target\":[\"https:\/\/www.plazatirana.com\/sq\/dhoma-dhe-suita\/presidential-suite\/\"]}]},{\"@type\":\"BreadcrumbList\",\"@id\":\"https:\/\/www.plazatirana.com\/sq\/dhoma-dhe-suita\/presidential-suite\/#breadcrumb\",\"itemListElement\":[{\"@type\":\"ListItem\",\"position\":1,\"name\":\"Home\",\"item\":\"https:\/\/www.plazatirana.com\/sq\/\"},{\"@type\":\"ListItem\",\"position\":2,\"name\":\"Dhoma dhe Suita\",\"item\":\"https:\/\/www.plazatirana.com\/sq\/dhoma-dhe-suita\/\"},{\"@type\":\"ListItem\",\"position\":3,\"name\":\"Suita Presidenciale\"}]},{\"@type\":\"WebSite\",\"@id\":\"https:\/\/www.plazatirana.com\/sq\/#website\",\"url\":\"https:\/\/www.plazatirana.com\/sq\/\",\"name\":\"Maritim Hotel Plaza Tirana\",\"description\":\"Just another ms.decms.eu site\",\"publisher\":{\"@id\":\"https:\/\/www.plazatirana.com\/sq\/#organization\"},\"potentialAction\":[{\"@type\":\"SearchAction\",\"target\":{\"@type\":\"EntryPoint\",\"urlTemplate\":\"https:\/\/www.plazatirana.com\/sq\/?s={search_term_string}\"},\"query-input\":{\"@type\":\"PropertyValueSpecification\",\"valueRequired\":true,\"valueName\":\"search_term_string\"}}],\"inLanguage\":\"sq-AL\"},{\"@type\":\"Organization\",\"@id\":\"https:\/\/www.plazatirana.com\/sq\/#organization\",\"name\":\"Maritim Hotel Plaza Tirana\",\"url\":\"https:\/\/www.plazatirana.com\/sq\/\",\"logo\":{\"@type\":\"ImageObject\",\"inLanguage\":\"sq-AL\",\"@id\":\"https:\/\/www.plazatirana.com\/sq\/#\/schema\/logo\/image\/\",\"url\":\"https:\/\/www.plazatirana.com\/wp-content\/uploads\/sites\/378\/2021\/11\/Maritim-Hotel-Plaza-Tirana-Logo.png\",\"contentUrl\":\"https:\/\/www.plazatirana.com\/wp-content\/uploads\/sites\/378\/2021\/11\/Maritim-Hotel-Plaza-Tirana-Logo.png\",\"width\":300,\"height\":224,\"caption\":\"Maritim Hotel Plaza Tirana\"},\"image\":{\"@id\":\"https:\/\/www.plazatirana.com\/sq\/#\/schema\/logo\/image\/\"}}]}<\/script>\n<!-- \/ Yoast SEO plugin. -->","yoast_head_json":{"title":"Suita Presidenciale &#8212; Maritim Hotel Plaza Tirana &#8212;","description":"Nga vendndodhja e saj n\u00eb katin e 22-t\u00eb, Suita Presidenciale ju ofron nj\u00eb nga p\u00ebrvojat m\u00eb t\u00eb shk\u00eblqyera t\u00eb Hotelit. Suita zot\u00ebron nj\u00eb imazh t\u00eb shk\u00eblqyer, hap\u00ebsir\u00eb t\u00eb gjer\u00eb dhe \u00e7do komoditet tjet\u00ebr q\u00eb mund t\u00eb \u00ebnd\u00ebrroni","robots":{"index":"index","follow":"follow","max-snippet":"max-snippet:-1","max-image-preview":"max-image-preview:large","max-video-preview":"max-video-preview:-1"},"canonical":"https:\/\/www.plazatirana.com\/sq\/dhoma-dhe-suita\/presidential-suite\/","og_locale":"sq_AL","og_type":"article","og_title":"Suita Presidenciale &#8212; Maritim Hotel Plaza Tirana &#8212;","og_description":"Nga vendndodhja e saj n\u00eb katin e 22-t\u00eb, Suita Presidenciale ju ofron nj\u00eb nga p\u00ebrvojat m\u00eb t\u00eb shk\u00eblqyera t\u00eb Hotelit. Suita zot\u00ebron nj\u00eb imazh t\u00eb shk\u00eblqyer, hap\u00ebsir\u00eb t\u00eb gjer\u00eb dhe \u00e7do komoditet tjet\u00ebr q\u00eb mund t\u00eb \u00ebnd\u00ebrroni","og_url":"https:\/\/www.plazatirana.com\/sq\/dhoma-dhe-suita\/presidential-suite\/","og_site_name":"Maritim Hotel Plaza Tirana","article_modified_time":"2021-11-26T20:19:24+00:00","twitter_card":"summary_large_image","twitter_misc":{"Est. reading time":"1 minute"},"schema":{"@context":"https:\/\/schema.org","@graph":[{"@type":"WebPage","@id":"https:\/\/www.plazatirana.com\/sq\/dhoma-dhe-suita\/presidential-suite\/","url":"https:\/\/www.plazatirana.com\/sq\/dhoma-dhe-suita\/presidential-suite\/","name":"Suita Presidenciale &#8212; Maritim Hotel Plaza Tirana &#8212;","isPartOf":{"@id":"https:\/\/www.plazatirana.com\/sq\/#website"},"datePublished":"2021-11-26T17:27:43+00:00","dateModified":"2021-11-26T20:19:24+00:00","description":"Nga vendndodhja e saj n\u00eb katin e 22-t\u00eb, Suita Presidenciale ju ofron nj\u00eb nga p\u00ebrvojat m\u00eb t\u00eb shk\u00eblqyera t\u00eb Hotelit. Suita zot\u00ebron nj\u00eb imazh t\u00eb shk\u00eblqyer, hap\u00ebsir\u00eb t\u00eb gjer\u00eb dhe \u00e7do komoditet tjet\u00ebr q\u00eb mund t\u00eb \u00ebnd\u00ebrroni","breadcrumb":{"@id":"https:\/\/www.plazatirana.com\/sq\/dhoma-dhe-suita\/presidential-suite\/#breadcrumb"},"inLanguage":"sq-AL","potentialAction":[{"@type":"ReadAction","target":["https:\/\/www.plazatirana.com\/sq\/dhoma-dhe-suita\/presidential-suite\/"]}]},{"@type":"BreadcrumbList","@id":"https:\/\/www.plazatirana.com\/sq\/dhoma-dhe-suita\/presidential-suite\/#breadcrumb","itemListElement":[{"@type":"ListItem","position":1,"name":"Home","item":"https:\/\/www.plazatirana.com\/sq\/"},{"@type":"ListItem","position":2,"name":"Dhoma dhe Suita","item":"https:\/\/www.plazatirana.com\/sq\/dhoma-dhe-suita\/"},{"@type":"ListItem","position":3,"name":"Suita Presidenciale"}]},{"@type":"WebSite","@id":"https:\/\/www.plazatirana.com\/sq\/#website","url":"https:\/\/www.plazatirana.com\/sq\/","name":"Maritim Hotel Plaza Tirana","description":"Just another ms.decms.eu site","publisher":{"@id":"https:\/\/www.plazatirana.com\/sq\/#organization"},"potentialAction":[{"@type":"SearchAction","target":{"@type":"EntryPoint","urlTemplate":"https:\/\/www.plazatirana.com\/sq\/?s={search_term_string}"},"query-input":{"@type":"PropertyValueSpecification","valueRequired":true,"valueName":"search_term_string"}}],"inLanguage":"sq-AL"},{"@type":"Organization","@id":"https:\/\/www.plazatirana.com\/sq\/#organization","name":"Maritim Hotel Plaza Tirana","url":"https:\/\/www.plazatirana.com\/sq\/","logo":{"@type":"ImageObject","inLanguage":"sq-AL","@id":"https:\/\/www.plazatirana.com\/sq\/#\/schema\/logo\/image\/","url":"https:\/\/www.plazatirana.com\/wp-content\/uploads\/sites\/378\/2021\/11\/Maritim-Hotel-Plaza-Tirana-Logo.png","contentUrl":"https:\/\/www.plazatirana.com\/wp-content\/uploads\/sites\/378\/2021\/11\/Maritim-Hotel-Plaza-Tirana-Logo.png","width":300,"height":224,"caption":"Maritim Hotel Plaza Tirana"},"image":{"@id":"https:\/\/www.plazatirana.com\/sq\/#\/schema\/logo\/image\/"}}]}},"acf":[],"_links":{"self":[{"href":"https:\/\/www.plazatirana.com\/sq\/wp-json\/wp\/v2\/pages\/407","targetHints":{"allow":["GET"]}}],"collection":[{"href":"https:\/\/www.plazatirana.com\/sq\/wp-json\/wp\/v2\/pages"}],"about":[{"href":"https:\/\/www.plazatirana.com\/sq\/wp-json\/wp\/v2\/types\/page"}],"author":[{"embeddable":true,"href":"https:\/\/www.plazatirana.com\/sq\/wp-json\/wp\/v2\/users\/7"}],"replies":[{"embeddable":true,"href":"https:\/\/www.plazatirana.com\/sq\/wp-json\/wp\/v2\/comments?post=407"}],"version-history":[{"count":0,"href":"https:\/\/www.plazatirana.com\/sq\/wp-json\/wp\/v2\/pages\/407\/revisions"}],"up":[{"embeddable":true,"href":"https:\/\/www.plazatirana.com\/sq\/wp-json\/wp\/v2\/pages\/93"}],"wp:attachment":[{"href":"https:\/\/www.plazatirana.com\/sq\/wp-json\/wp\/v2\/media?parent=407"}],"curies":[{"name":"wp","href":"https:\/\/api.w.org\/{rel}","templated":true}]}}