{"id":415,"date":"2021-11-26T17:27:43","date_gmt":"2021-11-26T17:27:43","guid":{"rendered":"https:\/\/plaza-tirana.ms.decms.eu\/habitaciones-y-suites\/presidential-suite\/"},"modified":"2021-11-26T21:01:10","modified_gmt":"2021-11-26T21:01:10","slug":"suite-presidencial","status":"publish","type":"page","link":"https:\/\/www.plazatirana.com\/es\/habitaciones-y-suites\/suite-presidencial\/","title":{"rendered":"Suite Presidencial"},"content":{"rendered":"<p>Desde su ubicaci\u00f3n en la planta 22, la Suite Presidencial le ofrece una de las m\u00e1s excelentes experiencias del hotel.<\/p>\n<p>La Suite posee una excelente imagen, amplio espacio y todas las comodidades que usted puede so\u00f1ar. El dormitorio tiene una cama queen, tapiz indio de bamb\u00fa, y un espacio especial de guardarropa. Dos ba\u00f1os impresionantes con una ba\u00f1era demasiado grande, habitaci\u00f3n de vapor y ducha emocional que dan la sensaci\u00f3n de un verdadero relajaci\u00f3n.<\/p>\n<p>La suite presidencial proporciona el alojamiento perfecto para hacer negocios o para entretener a los hu\u00e9spedes con su sala de TV u oficina completamente equipada. Ofreciendo una verdadera sensaci\u00f3n de lujo y del espacio, un amplio ambiente de sala de estar y del comedor que le har\u00e1 sentirse como si estuviera en una residencia privada en la capital de Albania.<\/p>\n<p>Llame a nuestro servicio personal de mayordomo seg\u00fan el acuerdo para ayudar a que su experiencia en la suite sea a\u00fan m\u00e1s excepcional. La estancia en la Suite Presidencial cambiar\u00e1 su concepto sobre el lujo.<\/p>\n","protected":false},"excerpt":{"rendered":"<p>Desde su ubicaci\u00f3n en la planta 22, la Suite Presidencial le ofrece una de las m\u00e1s excelentes experiencias del hotel. La Suite posee una excelente imagen, amplio espacio y todas las comodidades que usted puede so\u00f1ar. El dormitorio tiene una cama queen, tapiz indio de bamb\u00fa, y un espacio especial de guardarropa. Dos ba\u00f1os impresionantes [&hellip;]<\/p>\n","protected":false},"author":7,"featured_media":0,"parent":101,"menu_order":7,"comment_status":"closed","ping_status":"closed","template":"template-single-room.php","meta":{"footnotes":""},"class_list":["post-415","page","type-page","status-publish","hentry"],"yoast_head":"<!-- This site is optimized with the Yoast SEO plugin v26.9 - https:\/\/yoast.com\/product\/yoast-seo-wordpress\/ -->\n<title>Suite Presidencial &#8212; Maritim Hotel Plaza Tirana &#8212;<\/title>\n<meta name=\"description\" content=\"Desde su ubicaci\u00f3n en la planta 22, la Suite Presidencial le ofrece una de las m\u00e1s excelentes experiencias del hotel.  La Suite posee una excelente imagen, amplio espacio y todas las comodidades que usted puede so\u00f1ar. El dormitorio tiene una cama queen, tapiz indio de bamb\u00fa, y un espacio especial de guardarropa\" \/>\n<meta name=\"robots\" content=\"index, follow, max-snippet:-1, max-image-preview:large, max-video-preview:-1\" \/>\n<link rel=\"canonical\" href=\"https:\/\/www.plazatirana.com\/es\/habitaciones-y-suites\/suite-presidencial\/\" \/>\n<meta property=\"og:locale\" content=\"es_ES\" \/>\n<meta property=\"og:type\" content=\"article\" \/>\n<meta property=\"og:title\" content=\"Suite Presidencial &#8212; Maritim Hotel Plaza Tirana &#8212;\" \/>\n<meta property=\"og:description\" content=\"Desde su ubicaci\u00f3n en la planta 22, la Suite Presidencial le ofrece una de las m\u00e1s excelentes experiencias del hotel.  La Suite posee una excelente imagen, amplio espacio y todas las comodidades que usted puede so\u00f1ar. El dormitorio tiene una cama queen, tapiz indio de bamb\u00fa, y un espacio especial de guardarropa\" \/>\n<meta property=\"og:url\" content=\"https:\/\/www.plazatirana.com\/es\/habitaciones-y-suites\/suite-presidencial\/\" \/>\n<meta property=\"og:site_name\" content=\"Maritim Hotel Plaza Tirana\" \/>\n<meta property=\"article:modified_time\" content=\"2021-11-26T21:01:10+00:00\" \/>\n<meta name=\"twitter:card\" content=\"summary_large_image\" \/>\n<meta name=\"twitter:label1\" content=\"Tiempo de lectura\" \/>\n\t<meta name=\"twitter:data1\" content=\"1 minuto\" \/>\n<script type=\"application\/ld+json\" class=\"yoast-schema-graph\">{\"@context\":\"https:\/\/schema.org\",\"@graph\":[{\"@type\":\"WebPage\",\"@id\":\"https:\/\/www.plazatirana.com\/es\/habitaciones-y-suites\/suite-presidencial\/\",\"url\":\"https:\/\/www.plazatirana.com\/es\/habitaciones-y-suites\/suite-presidencial\/\",\"name\":\"Suite Presidencial &#8212; Maritim Hotel Plaza Tirana &#8212;\",\"isPartOf\":{\"@id\":\"https:\/\/www.plazatirana.com\/es\/#website\"},\"datePublished\":\"2021-11-26T17:27:43+00:00\",\"dateModified\":\"2021-11-26T21:01:10+00:00\",\"description\":\"Desde su ubicaci\u00f3n en la planta 22, la Suite Presidencial le ofrece una de las m\u00e1s excelentes experiencias del hotel. La Suite posee una excelente imagen, amplio espacio y todas las comodidades que usted puede so\u00f1ar. El dormitorio tiene una cama queen, tapiz indio de bamb\u00fa, y un espacio especial de guardarropa\",\"breadcrumb\":{\"@id\":\"https:\/\/www.plazatirana.com\/es\/habitaciones-y-suites\/suite-presidencial\/#breadcrumb\"},\"inLanguage\":\"es\",\"potentialAction\":[{\"@type\":\"ReadAction\",\"target\":[\"https:\/\/www.plazatirana.com\/es\/habitaciones-y-suites\/suite-presidencial\/\"]}]},{\"@type\":\"BreadcrumbList\",\"@id\":\"https:\/\/www.plazatirana.com\/es\/habitaciones-y-suites\/suite-presidencial\/#breadcrumb\",\"itemListElement\":[{\"@type\":\"ListItem\",\"position\":1,\"name\":\"Home\",\"item\":\"https:\/\/www.plazatirana.com\/es\/\"},{\"@type\":\"ListItem\",\"position\":2,\"name\":\"Habitaciones y suites\",\"item\":\"https:\/\/www.plazatirana.com\/es\/habitaciones-y-suites\/\"},{\"@type\":\"ListItem\",\"position\":3,\"name\":\"Suite Presidencial\"}]},{\"@type\":\"WebSite\",\"@id\":\"https:\/\/www.plazatirana.com\/es\/#website\",\"url\":\"https:\/\/www.plazatirana.com\/es\/\",\"name\":\"Maritim Hotel Plaza Tirana\",\"description\":\"Just another ms.decms.eu site\",\"publisher\":{\"@id\":\"https:\/\/www.plazatirana.com\/es\/#organization\"},\"potentialAction\":[{\"@type\":\"SearchAction\",\"target\":{\"@type\":\"EntryPoint\",\"urlTemplate\":\"https:\/\/www.plazatirana.com\/es\/?s={search_term_string}\"},\"query-input\":{\"@type\":\"PropertyValueSpecification\",\"valueRequired\":true,\"valueName\":\"search_term_string\"}}],\"inLanguage\":\"es\"},{\"@type\":\"Organization\",\"@id\":\"https:\/\/www.plazatirana.com\/es\/#organization\",\"name\":\"Maritim Hotel Plaza Tirana\",\"url\":\"https:\/\/www.plazatirana.com\/es\/\",\"logo\":{\"@type\":\"ImageObject\",\"inLanguage\":\"es\",\"@id\":\"https:\/\/www.plazatirana.com\/es\/#\/schema\/logo\/image\/\",\"url\":\"https:\/\/www.plazatirana.com\/wp-content\/uploads\/sites\/378\/2021\/11\/Maritim-Hotel-Plaza-Tirana-Logo.png\",\"contentUrl\":\"https:\/\/www.plazatirana.com\/wp-content\/uploads\/sites\/378\/2021\/11\/Maritim-Hotel-Plaza-Tirana-Logo.png\",\"width\":300,\"height\":224,\"caption\":\"Maritim Hotel Plaza Tirana\"},\"image\":{\"@id\":\"https:\/\/www.plazatirana.com\/es\/#\/schema\/logo\/image\/\"}}]}<\/script>\n<!-- \/ Yoast SEO plugin. -->","yoast_head_json":{"title":"Suite Presidencial &#8212; Maritim Hotel Plaza Tirana &#8212;","description":"Desde su ubicaci\u00f3n en la planta 22, la Suite Presidencial le ofrece una de las m\u00e1s excelentes experiencias del hotel.  La Suite posee una excelente imagen, amplio espacio y todas las comodidades que usted puede so\u00f1ar. El dormitorio tiene una cama queen, tapiz indio de bamb\u00fa, y un espacio especial de guardarropa","robots":{"index":"index","follow":"follow","max-snippet":"max-snippet:-1","max-image-preview":"max-image-preview:large","max-video-preview":"max-video-preview:-1"},"canonical":"https:\/\/www.plazatirana.com\/es\/habitaciones-y-suites\/suite-presidencial\/","og_locale":"es_ES","og_type":"article","og_title":"Suite Presidencial &#8212; Maritim Hotel Plaza Tirana &#8212;","og_description":"Desde su ubicaci\u00f3n en la planta 22, la Suite Presidencial le ofrece una de las m\u00e1s excelentes experiencias del hotel.  La Suite posee una excelente imagen, amplio espacio y todas las comodidades que usted puede so\u00f1ar. El dormitorio tiene una cama queen, tapiz indio de bamb\u00fa, y un espacio especial de guardarropa","og_url":"https:\/\/www.plazatirana.com\/es\/habitaciones-y-suites\/suite-presidencial\/","og_site_name":"Maritim Hotel Plaza Tirana","article_modified_time":"2021-11-26T21:01:10+00:00","twitter_card":"summary_large_image","twitter_misc":{"Tiempo de lectura":"1 minuto"},"schema":{"@context":"https:\/\/schema.org","@graph":[{"@type":"WebPage","@id":"https:\/\/www.plazatirana.com\/es\/habitaciones-y-suites\/suite-presidencial\/","url":"https:\/\/www.plazatirana.com\/es\/habitaciones-y-suites\/suite-presidencial\/","name":"Suite Presidencial &#8212; Maritim Hotel Plaza Tirana &#8212;","isPartOf":{"@id":"https:\/\/www.plazatirana.com\/es\/#website"},"datePublished":"2021-11-26T17:27:43+00:00","dateModified":"2021-11-26T21:01:10+00:00","description":"Desde su ubicaci\u00f3n en la planta 22, la Suite Presidencial le ofrece una de las m\u00e1s excelentes experiencias del hotel. La Suite posee una excelente imagen, amplio espacio y todas las comodidades que usted puede so\u00f1ar. El dormitorio tiene una cama queen, tapiz indio de bamb\u00fa, y un espacio especial de guardarropa","breadcrumb":{"@id":"https:\/\/www.plazatirana.com\/es\/habitaciones-y-suites\/suite-presidencial\/#breadcrumb"},"inLanguage":"es","potentialAction":[{"@type":"ReadAction","target":["https:\/\/www.plazatirana.com\/es\/habitaciones-y-suites\/suite-presidencial\/"]}]},{"@type":"BreadcrumbList","@id":"https:\/\/www.plazatirana.com\/es\/habitaciones-y-suites\/suite-presidencial\/#breadcrumb","itemListElement":[{"@type":"ListItem","position":1,"name":"Home","item":"https:\/\/www.plazatirana.com\/es\/"},{"@type":"ListItem","position":2,"name":"Habitaciones y suites","item":"https:\/\/www.plazatirana.com\/es\/habitaciones-y-suites\/"},{"@type":"ListItem","position":3,"name":"Suite Presidencial"}]},{"@type":"WebSite","@id":"https:\/\/www.plazatirana.com\/es\/#website","url":"https:\/\/www.plazatirana.com\/es\/","name":"Maritim Hotel Plaza Tirana","description":"Just another ms.decms.eu site","publisher":{"@id":"https:\/\/www.plazatirana.com\/es\/#organization"},"potentialAction":[{"@type":"SearchAction","target":{"@type":"EntryPoint","urlTemplate":"https:\/\/www.plazatirana.com\/es\/?s={search_term_string}"},"query-input":{"@type":"PropertyValueSpecification","valueRequired":true,"valueName":"search_term_string"}}],"inLanguage":"es"},{"@type":"Organization","@id":"https:\/\/www.plazatirana.com\/es\/#organization","name":"Maritim Hotel Plaza Tirana","url":"https:\/\/www.plazatirana.com\/es\/","logo":{"@type":"ImageObject","inLanguage":"es","@id":"https:\/\/www.plazatirana.com\/es\/#\/schema\/logo\/image\/","url":"https:\/\/www.plazatirana.com\/wp-content\/uploads\/sites\/378\/2021\/11\/Maritim-Hotel-Plaza-Tirana-Logo.png","contentUrl":"https:\/\/www.plazatirana.com\/wp-content\/uploads\/sites\/378\/2021\/11\/Maritim-Hotel-Plaza-Tirana-Logo.png","width":300,"height":224,"caption":"Maritim Hotel Plaza Tirana"},"image":{"@id":"https:\/\/www.plazatirana.com\/es\/#\/schema\/logo\/image\/"}}]}},"acf":[],"_links":{"self":[{"href":"https:\/\/www.plazatirana.com\/es\/wp-json\/wp\/v2\/pages\/415","targetHints":{"allow":["GET"]}}],"collection":[{"href":"https:\/\/www.plazatirana.com\/es\/wp-json\/wp\/v2\/pages"}],"about":[{"href":"https:\/\/www.plazatirana.com\/es\/wp-json\/wp\/v2\/types\/page"}],"author":[{"embeddable":true,"href":"https:\/\/www.plazatirana.com\/es\/wp-json\/wp\/v2\/users\/7"}],"replies":[{"embeddable":true,"href":"https:\/\/www.plazatirana.com\/es\/wp-json\/wp\/v2\/comments?post=415"}],"version-history":[{"count":0,"href":"https:\/\/www.plazatirana.com\/es\/wp-json\/wp\/v2\/pages\/415\/revisions"}],"up":[{"embeddable":true,"href":"https:\/\/www.plazatirana.com\/es\/wp-json\/wp\/v2\/pages\/101"}],"wp:attachment":[{"href":"https:\/\/www.plazatirana.com\/es\/wp-json\/wp\/v2\/media?parent=415"}],"curies":[{"name":"wp","href":"https:\/\/api.w.org\/{rel}","templated":true}]}}